{"id":2268,"date":"2025-02-09T18:24:36","date_gmt":"2025-02-09T18:24:36","guid":{"rendered":"https:\/\/www.blekingesf.se\/bokhandel\/?post_type=product&#038;p=2268"},"modified":"2025-02-09T18:27:32","modified_gmt":"2025-02-09T18:27:32","slug":"kreativitet-och-skaparlust","status":"publish","type":"product","link":"https:\/\/www.blekingesf.se\/bokhandel\/produkt\/kreativitet-och-skaparlust\/","title":{"rendered":"Kreativitet och skaparlust"},"content":{"rendered":"<h5>min livsresa<\/h5>\n<div class=\"productdescrlong\">\n<div class=\"xdj266r x11i5rnm xat24cr x1mh8g0r x1vvkbs x126k92a\"><\/div>\n<div class=\"x11i5rnm xat24cr x1mh8g0r x1vvkbs xtlvy1s x126k92a\">\n<div dir=\"auto\">\n<p>Ragnvi Florence Hyllstedt \u00e4r f.d. textill\u00e4rare, fil.kand. i bl.a.konstvetenskap, studier i etnologi och psykologi. Under resor runtom i v\u00e4rlden har hon unders\u00f6kt och tagit del av dessa l\u00e4nders kultur. Detta har givetvis bidragit till att forma hennes liv och verksamhet och varit en inspirationsk\u00e4lla.<\/p>\n<p>Ragnvi har \u00e4ven sedan 1982 haft en egen kollektion som uppm\u00e4rksammats i flera l\u00e4nder i Europa, USA samt Japan. Arbetet presenterades vid ett OECD-seminarium i Paris \u00e5r 1985.<\/p>\n<p>Denna bok \u00e4r den sj\u00e4tte i hennes produktion. Den \u00e4r ett sp\u00e4nnande, intressant och i vissa delar l\u00e4rorikt tidsdokument &#8211; skildrad fr\u00e5n f\u00f6rfattarens synvinkel. En ny kulturell &#8220;stafettpinne&#8221;.<\/p>\n<\/div>\n<\/div>\n<div dir=\"auto\"><\/div>\n<\/div>\n","protected":false},"excerpt":{"rendered":"<p>min livsresa Ragnvi Florence Hyllstedt \u00e4r f.d. textill\u00e4rare, fil.kand. i bl.a.konstvetenskap, studier i etnologi och psykologi. Under resor runtom i v\u00e4rlden har hon unders\u00f6kt och tagit del av dessa l\u00e4nders kultur. Detta har givetvis bidragit till att forma hennes liv och verksamhet och varit en inspirationsk\u00e4lla. Ragnvi har \u00e4ven sedan 1982 haft en egen kollektion [&hellip;]<\/p>\n","protected":false},"featured_media":2269,"template":"","meta":[],"product_cat":[324,47,52,82,83,85,84],"product_tag":[266,298,103],"class_list":{"0":"post-2268","1":"product","2":"type-product","3":"status-publish","4":"has-post-thumbnail","6":"product_cat-ater-i-lager","7":"product_cat-nyheter","8":"product_cat-bocker","9":"product_cat-brakne-harad","10":"product_cat-listers-harad","11":"product_cat-medelstads-harad","12":"product_cat-ostra-harad","13":"product_tag-blekinge","14":"product_tag-hantverk","15":"product_tag-hembygd","17":"first","18":"instock","19":"shipping-taxable","20":"purchasable","21":"product-type-simple"},"_links":{"self":[{"href":"https:\/\/www.blekingesf.se\/bokhandel\/wp-json\/wp\/v2\/product\/2268"}],"collection":[{"href":"https:\/\/www.blekingesf.se\/bokhandel\/wp-json\/wp\/v2\/product"}],"about":[{"href":"https:\/\/www.blekingesf.se\/bokhandel\/wp-json\/wp\/v2\/types\/product"}],"wp:featuredmedia":[{"embeddable":true,"href":"https:\/\/www.blekingesf.se\/bokhandel\/wp-json\/wp\/v2\/media\/2269"}],"wp:attachment":[{"href":"https:\/\/www.blekingesf.se\/bokhandel\/wp-json\/wp\/v2\/media?parent=2268"}],"wp:term":[{"taxonomy":"product_cat","embeddable":true,"href":"https:\/\/www.blekingesf.se\/bokhandel\/wp-json\/wp\/v2\/product_cat?post=2268"},{"taxonomy":"product_tag","embeddable":true,"href":"https:\/\/www.blekingesf.se\/bokhandel\/wp-json\/wp\/v2\/product_tag?post=2268"}],"curies":[{"name":"wp","href":"https:\/\/api.w.org\/{rel}","templated":true}]}}