{"id":2365,"date":"2026-03-15T17:48:06","date_gmt":"2026-03-15T17:48:06","guid":{"rendered":"https:\/\/www.blekingesf.se\/bokhandel\/?post_type=product&#038;p=2365"},"modified":"2026-03-15T17:49:42","modified_gmt":"2026-03-15T17:49:42","slug":"slaktforska-i-norge","status":"publish","type":"product","link":"https:\/\/www.blekingesf.se\/bokhandel\/produkt\/slaktforska-i-norge\/","title":{"rendered":"Sl\u00e4ktforska i Norge"},"content":{"rendered":"<div class=\"productdescrlong\">\n<p>Sl\u00e4ktforskning i Norge har b\u00e5de likheter och olikheter i j\u00e4mf\u00f6relse med Sverige. H\u00e4r finns noggrant f\u00f6rda kyrkb\u00f6cker f\u00f6r sl\u00e4ktforskaren att utg\u00e5 ifr\u00e5n, men n\u00e5gon motsvarighet till de svenska husf\u00f6rh\u00f6rsl\u00e4ngderna finns inte. Andra skillnader i administrationshistoria och spr\u00e5k kan ocks\u00e5 st\u00e4lla till det f\u00f6r svenska sl\u00e4ktforskare som s\u00f6ker efter sina norska sl\u00e4ktingar. Men med det sagt \u00e4r de norska arkiven b\u00e5de stora och inneh\u00e5llsrika. Digitaliseringen g\u00e5r dessutom snabbt fram\u00e5t.<\/p>\n<p>Den h\u00e4r boken \u00e4r t\u00e4nkt att ta dig \u00f6ver tr\u00f6skeln till det norska arkivlandskapet. Den v\u00e4gleder dig genom de digitaliserade arkiven i jakten p\u00e5 dina norska sl\u00e4ktingar och ger en inblick i norsk historia som hj\u00e4lper dig att s\u00e4tta sl\u00e4ktingarna i sitt historiska sammanhang.<\/p>\n<p><em>&#8220;Individen John Johnsen Gravr\u00e5k f\u00f6ljs genom arkiven fr\u00e5n f\u00f6dsel 1847 till d\u00f6d i tidningsnotisen\u00a01929. Denna individs\u00f6kning, grundlig och med m\u00e5nga goda r\u00e5d och k\u00e4llangivelser, v\u00e4gleder sl\u00e4ktforskaren i\u00a0jakten p\u00e5 sin norska sl\u00e4kt.&#8221;<\/em><\/p>\n<p><em>&#8220;Rikt illustrerat och\u00a0f\u00f6red\u00f6mligt pedagogiskt redovisat av f\u00f6rfattarna.&#8221;<\/em><\/p>\n<p>\u2013 Tor Flensmarck, BTJ-h\u00e4ftet nr 2, 2025 (Helhetsbetyg: 5 av 5)<\/p>\n<div class=\"ml-variant-vtext-row\"><span class=\"ml-variant-vtext-title\">F\u00f6rfattare<\/span>\u00a0Maria Press &amp; Mikael Hoffsten<\/div>\n<div class=\"ml-variant-vtext-row\"><span class=\"ml-variant-vtext-title\">F\u00f6rlag<\/span>\u00a0Sveriges Sl\u00e4ktforskarf\u00f6rbund<\/div>\n<div class=\"ml-variant-vtext-row\"><span class=\"ml-variant-vtext-title\">Antal sidor<\/span>\u00a0192<\/div>\n<div class=\"ml-variant-vtext-row\"><span class=\"ml-variant-vtext-title\">Bindning<\/span>\u00a0Inbunden<\/div>\n<p>&nbsp;<\/p>\n<\/div>\n","protected":false},"excerpt":{"rendered":"<p>Medlemspris: 249 kr<\/p>\n","protected":false},"featured_media":2354,"template":"","meta":[],"product_cat":[47,52,242],"product_tag":[90,330,164],"class_list":{"0":"post-2365","1":"product","2":"type-product","3":"status-publish","4":"has-post-thumbnail","6":"product_cat-nyheter","7":"product_cat-bocker","8":"product_cat-handbocker","9":"product_tag-handbok","10":"product_tag-norden","11":"product_tag-norge","13":"first","14":"instock","15":"shipping-taxable","16":"purchasable","17":"product-type-simple"},"_links":{"self":[{"href":"https:\/\/www.blekingesf.se\/bokhandel\/wp-json\/wp\/v2\/product\/2365"}],"collection":[{"href":"https:\/\/www.blekingesf.se\/bokhandel\/wp-json\/wp\/v2\/product"}],"about":[{"href":"https:\/\/www.blekingesf.se\/bokhandel\/wp-json\/wp\/v2\/types\/product"}],"wp:featuredmedia":[{"embeddable":true,"href":"https:\/\/www.blekingesf.se\/bokhandel\/wp-json\/wp\/v2\/media\/2354"}],"wp:attachment":[{"href":"https:\/\/www.blekingesf.se\/bokhandel\/wp-json\/wp\/v2\/media?parent=2365"}],"wp:term":[{"taxonomy":"product_cat","embeddable":true,"href":"https:\/\/www.blekingesf.se\/bokhandel\/wp-json\/wp\/v2\/product_cat?post=2365"},{"taxonomy":"product_tag","embeddable":true,"href":"https:\/\/www.blekingesf.se\/bokhandel\/wp-json\/wp\/v2\/product_tag?post=2365"}],"curies":[{"name":"wp","href":"https:\/\/api.w.org\/{rel}","templated":true}]}}