{"id":492,"date":"2017-09-25T19:12:37","date_gmt":"2017-09-25T19:12:37","guid":{"rendered":"http:\/\/www.blekingesf.se\/bokhandel_new\/?post_type=product&#038;p=492"},"modified":"2025-01-30T21:06:37","modified_gmt":"2025-01-30T21:06:37","slug":"register-over-lagfarter-i-jamshog-1777-1831","status":"publish","type":"product","link":"https:\/\/www.blekingesf.se\/bokhandel\/produkt\/register-over-lagfarter-i-jamshog-1777-1831\/","title":{"rendered":"Register \u00f6ver Lagfarter i J\u00e4msh\u00f6g 1777-1831"},"content":{"rendered":"<h3>Lagfarter i J\u00e4msh\u00f6g 1777-1831<\/h3>\n<p><img loading=\"lazy\" decoding=\"async\" src=\"uploads\/images\/Bokhandel\/lagfarter_jamshog_1777_1831.jpg\" alt=\"\" width=\"140\" height=\"141\" \/><\/p>\n<p>Inneh\u00e5ller sammandrag av alla lagfarter f\u00f6r J\u00e4msh\u00f6g, \u00e4ven den del som nu \u00e4r Kyrkhult. Registret gjordes i b\u00f6rjan av 1980-talet, f\u00f6re datorns genombrott, men har nu gjorts tillg\u00e4nglig p\u00e5 cd (s\u00f6kbar pdf-fil).<\/p>\n<p>Byarna ligger i den gamla nummerordningen fr\u00e5n 1-135, d\u00e4r alla g\u00e5rdsk\u00f6pen \u00e4r samlade f\u00f6r samma nr p\u00e5 ett st\u00e4lle. Alla sl\u00e4ktskap \u00e4r relaterade till s\u00e4ljaren och efter 1803 finns \u00e4ven medtaget uppgifter p\u00e5 \u00e5tkomsthandlingar som s\u00e4ljaren presenterade vid tinget. J\u00e4msh\u00f6g 1, 9 och 10 samt R\u00f6an 42 finns inte med d\u00e5 de varit krono (pr\u00e4stg\u00e5rd och milit\u00e4rbost\u00e4lle).<\/p>\n<p>Om man vill titta p\u00e5 originalen finns de tillg\u00e4ngliga p\u00e5 mikrokort fr\u00e5n SVAR och p\u00e5 Landsarkivet i Lund, men det \u00e4r v\u00e5r f\u00f6rhoppning att Arkiv Digital snart skall g\u00f6ra dem tillg\u00e4ngliga p\u00e5 n\u00e4tet. Den st\u00f6rsta anledningen till att producera detta register var att fylla den lucka som finns i J\u00e4msh\u00f6gs kyrkob\u00f6cker f\u00f6re 1818. Sk\u00e4nkt till f\u00f6reningen av Bj\u00f6rn-\u00c5ke Petersson och presenterad som cd-skiva i samband med Kulturnatten i Karlshamn 2012.<\/p>\n","protected":false},"excerpt":{"rendered":"<p>Av Blekinge Sl\u00e4ktforskarf\u00f6rening (cd 2012)<\/p>\n","protected":false},"featured_media":324,"template":"","meta":[],"product_cat":[53],"product_tag":[],"class_list":{"0":"post-492","1":"product","2":"type-product","3":"status-publish","4":"has-post-thumbnail","6":"product_cat-cddvd","8":"first","9":"instock","10":"shipping-taxable","11":"purchasable","12":"product-type-simple"},"_links":{"self":[{"href":"https:\/\/www.blekingesf.se\/bokhandel\/wp-json\/wp\/v2\/product\/492"}],"collection":[{"href":"https:\/\/www.blekingesf.se\/bokhandel\/wp-json\/wp\/v2\/product"}],"about":[{"href":"https:\/\/www.blekingesf.se\/bokhandel\/wp-json\/wp\/v2\/types\/product"}],"wp:featuredmedia":[{"embeddable":true,"href":"https:\/\/www.blekingesf.se\/bokhandel\/wp-json\/wp\/v2\/media\/324"}],"wp:attachment":[{"href":"https:\/\/www.blekingesf.se\/bokhandel\/wp-json\/wp\/v2\/media?parent=492"}],"wp:term":[{"taxonomy":"product_cat","embeddable":true,"href":"https:\/\/www.blekingesf.se\/bokhandel\/wp-json\/wp\/v2\/product_cat?post=492"},{"taxonomy":"product_tag","embeddable":true,"href":"https:\/\/www.blekingesf.se\/bokhandel\/wp-json\/wp\/v2\/product_tag?post=492"}],"curies":[{"name":"wp","href":"https:\/\/api.w.org\/{rel}","templated":true}]}}